{"id":264,"date":"2025-04-14T11:39:26","date_gmt":"2025-04-14T17:39:26","guid":{"rendered":"https:\/\/fundaciontalitakumi.edu.gt\/?page_id=264"},"modified":"2025-07-15T12:12:46","modified_gmt":"2025-07-15T18:12:46","slug":"historia","status":"publish","type":"page","link":"https:\/\/fundaciontalitakumi.edu.gt\/?page_id=264","title":{"rendered":"Historia"},"content":{"rendered":"\t\t<div data-elementor-type=\"wp-page\" data-elementor-id=\"264\" class=\"elementor elementor-264\" data-elementor-post-type=\"page\">\n\t\t\t\t<div class=\"elementor-element elementor-element-e4cbb98 e-flex e-con-boxed e-con e-parent\" data-id=\"e4cbb98\" data-element_type=\"container\">\n\t\t\t\t\t<div class=\"e-con-inner\">\n\t\t\t\t<div class=\"elementor-element elementor-element-fd5cf01 elementor-invisible elementor-widget elementor-widget-image\" data-id=\"fd5cf01\" data-element_type=\"widget\" data-settings=\"{&quot;_animation&quot;:&quot;slideInDown&quot;}\" data-widget_type=\"image.default\">\n\t\t\t\t<div class=\"elementor-widget-container\">\n\t\t\t\t\t\t\t\t\t\t\t\t\t\t\t<img fetchpriority=\"high\" decoding=\"async\" width=\"800\" height=\"534\" src=\"https:\/\/fundaciontalitakumi.edu.gt\/wp-content\/uploads\/2025\/04\/Adobe-Express-file.png\" class=\"attachment-large size-large wp-image-38\" alt=\"\" srcset=\"https:\/\/fundaciontalitakumi.edu.gt\/wp-content\/uploads\/2025\/04\/Adobe-Express-file.png 1000w, https:\/\/fundaciontalitakumi.edu.gt\/wp-content\/uploads\/2025\/04\/Adobe-Express-file-300x200.png 300w, https:\/\/fundaciontalitakumi.edu.gt\/wp-content\/uploads\/2025\/04\/Adobe-Express-file-768x512.png 768w\" sizes=\"(max-width: 800px) 100vw, 800px\" \/>\t\t\t\t\t\t\t\t\t\t\t\t\t\t\t<\/div>\n\t\t\t\t<\/div>\n\t\t\t\t<div class=\"elementor-element elementor-element-fd5a94a elementor-invisible elementor-widget elementor-widget-heading\" data-id=\"fd5a94a\" data-element_type=\"widget\" data-settings=\"{&quot;_animation&quot;:&quot;slideInDown&quot;}\" data-widget_type=\"heading.default\">\n\t\t\t\t<div class=\"elementor-widget-container\">\n\t\t\t\t\t<h2 class=\"elementor-heading-title elementor-size-default\">Nuestro fundador: P. Jorge Puthenpura, SDB.<\/h2>\t\t\t\t<\/div>\n\t\t\t\t<\/div>\n\t\t\t\t<div class=\"elementor-element elementor-element-b2f6af5 elementor-widget elementor-widget-text-editor\" data-id=\"b2f6af5\" data-element_type=\"widget\" data-settings=\"{&quot;_animation&quot;:&quot;none&quot;}\" data-widget_type=\"text-editor.default\">\n\t\t\t\t<div class=\"elementor-widget-container\">\n\t\t\t\t\t\t\t\t\t<p><span style=\"color: #000000;\">Como cristiano, yo creo en Dios y veo todo desde mi fe. No vine a estas tierras con alg\u00fan plan de trabajo. No ten\u00eda planificado algo como: hacer una Fundaci\u00f3n. Quien ten\u00eda un plan para liberar a los ind\u00edgenas en Guatemala, era el Se\u00f1or. \u00a1\u00c9l es quien ten\u00eda dise\u00f1ado el gran proyecto Talita Kumi!<\/span><\/p><p><span style=\"color: #000000;\">Cuando empec\u00e9 a salir a las aldeas, la palabra clave que m\u00e1s utilic\u00e9 era wakliik (levantarse), porque no pocas veces encontr\u00e9 a hombres y a mujeres literalmente tirados en el lodo por la borrachera. El sentido de wakliik tiene un rico significado figurativo: no solamente levantarse del sitio en el que se est\u00e1, sino tambi\u00e9n levantarse de la pobreza, de la ignorancia, de la esclavitud, y de la explotaci\u00f3n laboral.<\/span><\/p><p><span style=\"color: #ffffff;\"><span style=\"color: #000000;\">Al principio no pens\u00e9 en escuelas o colegios, sino s\u00f3lo cursos de alfabetizaci\u00f3n acelerados para adultos. Cuando empez\u00f3 a formarse la Peque\u00f1a Comunidad de las Hermanas de la Resurrecci\u00f3n, muchas j\u00f3venes llegaron de las aldeas para cursar la escuela primaria. Sin ning\u00fan plan en mente, hab\u00eda comprado un terreno donde actualmente se encuentra el Centro Talita Kumi. Providencialmente vino una oferta financiera para establecer centros educativos en la Misi\u00f3n Salesiana de Carch\u00e1, uno para varones y otro para muchachas. A las Hermanas les pareci\u00f3 muy apropiado ponerle al centro de las muchachas el nombre de Talita Kumi (palabras textuales de Jes\u00fas en su dialecto arameo que quiere decir: Ni\u00f1a, te lo digo, lev\u00e1ntate). As\u00ed empez\u00f3 el Centro Educativo Talita Kumi.<\/span><\/span><\/p>\t\t\t\t\t\t\t\t<\/div>\n\t\t\t\t<\/div>\n\t\t\t\t\t<\/div>\n\t\t\t\t<\/div>\n\t\t<div class=\"elementor-element elementor-element-be6eba5 e-flex e-con-boxed e-con e-parent\" data-id=\"be6eba5\" data-element_type=\"container\">\n\t\t\t\t\t<div class=\"e-con-inner\">\n\t\t<div class=\"elementor-element elementor-element-a098d64 e-con-full e-flex e-con e-child\" data-id=\"a098d64\" data-element_type=\"container\">\n\t\t\t\t<div class=\"elementor-element elementor-element-e4d84bc elementor-widget elementor-widget-image\" data-id=\"e4d84bc\" data-element_type=\"widget\" data-settings=\"{&quot;_animation&quot;:&quot;none&quot;}\" data-widget_type=\"image.default\">\n\t\t\t\t<div class=\"elementor-widget-container\">\n\t\t\t\t\t\t\t\t\t\t\t\t\t\t\t<img decoding=\"async\" width=\"800\" height=\"533\" src=\"https:\/\/fundaciontalitakumi.edu.gt\/wp-content\/uploads\/2025\/07\/img20211005_15262559-1024x682.jpg\" class=\"attachment-large size-large wp-image-599\" alt=\"\" srcset=\"https:\/\/fundaciontalitakumi.edu.gt\/wp-content\/uploads\/2025\/07\/img20211005_15262559-1024x682.jpg 1024w, https:\/\/fundaciontalitakumi.edu.gt\/wp-content\/uploads\/2025\/07\/img20211005_15262559-300x200.jpg 300w, https:\/\/fundaciontalitakumi.edu.gt\/wp-content\/uploads\/2025\/07\/img20211005_15262559-768x512.jpg 768w, https:\/\/fundaciontalitakumi.edu.gt\/wp-content\/uploads\/2025\/07\/img20211005_15262559-1536x1024.jpg 1536w, https:\/\/fundaciontalitakumi.edu.gt\/wp-content\/uploads\/2025\/07\/img20211005_15262559-2048x1365.jpg 2048w\" sizes=\"(max-width: 800px) 100vw, 800px\" \/>\t\t\t\t\t\t\t\t\t\t\t\t\t\t\t<\/div>\n\t\t\t\t<\/div>\n\t\t\t\t<\/div>\n\t\t<div class=\"elementor-element elementor-element-b3e2d15 e-con-full e-flex e-con e-child\" data-id=\"b3e2d15\" data-element_type=\"container\">\n\t\t\t\t<div class=\"elementor-element elementor-element-771f5ab elementor-widget elementor-widget-text-editor\" data-id=\"771f5ab\" data-element_type=\"widget\" data-settings=\"{&quot;_animation&quot;:&quot;none&quot;}\" data-widget_type=\"text-editor.default\">\n\t\t\t\t<div class=\"elementor-widget-container\">\n\t\t\t\t\t\t\t\t\t<p>Para realizar la construcci\u00f3n de los diversos ambientes y para poner en marcha el centro educativo, era necesario un peque\u00f1o n\u00facleo de oficina con un administrador, un contador y un dibujante. Mientras estaban terminando la construcci\u00f3n, me dice el administrador, Otoniel Gamboa: Padre all\u00e1 hay un grupo que se llama CARE, que est\u00e1 dispuesto a financiar un proyecto para ayudar a los campesinos a mejorar sus siembras y criar animales dom\u00e9sticos.\u00a0 Inmediatamente respond\u00ed que s\u00ed, porque esto era para poder ayudar a los campesinos. Debo decir que yo soy de origen campesino. Mis pap\u00e1s eran una familia que viv\u00eda en extrema pobreza. La experiencia de mis padres de c\u00f3mo se levantaron de la pobreza, me hizo creer en el poder campesino.\u00a0\u00a0<\/p><p>Acept\u00e9 la oferta de CARE, y empezamos con una peque\u00f1a granja como modelo para ense\u00f1ar a la gente de las aldeas. Yo estaba encantado por el proyecto porque mi idea siempre fue ayudar a la gente a mejorar sus ingresos econ\u00f3micos familiares.<\/p>\t\t\t\t\t\t\t\t<\/div>\n\t\t\t\t<\/div>\n\t\t\t\t<\/div>\n\t\t\t\t\t<\/div>\n\t\t\t\t<\/div>\n\t\t<div class=\"elementor-element elementor-element-e7fe907 e-flex e-con-boxed e-con e-parent\" data-id=\"e7fe907\" data-element_type=\"container\">\n\t\t\t\t\t<div class=\"e-con-inner\">\n\t\t\t\t<div class=\"elementor-element elementor-element-ac52756 elementor-widget elementor-widget-text-editor\" data-id=\"ac52756\" data-element_type=\"widget\" data-settings=\"{&quot;_animation&quot;:&quot;none&quot;}\" data-widget_type=\"text-editor.default\">\n\t\t\t\t<div class=\"elementor-widget-container\">\n\t\t\t\t\t\t\t\t\t<p>As\u00ed empez\u00f3 el primer proyecto, despu\u00e9s vino SHARE con otro proyecto similar al de CARE. Estos proyectos nos llevaron a adquirir nuestra personalidad jur\u00eddica como una Fundaci\u00f3n para el Desarrollo y Educaci\u00f3n de la Mujer Ind\u00edgena.<\/p><p>En el frente de la casa hay un monumento a la Divina Providencia; Dios siempre nos ha dado todo, pero en ese monumento se hace menci\u00f3n a algunos de nuestros bienhechores. El primer bienhechor aqu\u00ed fue la Fundaci\u00f3n Kellogg que nos ayud\u00f3 con la construcci\u00f3n y puesta en marcha del primer Centro Educativo Talita Kumi. Despu\u00e9s vino KFW, una entidad bancaria de Alemania, que nos ofreci\u00f3 financiar una r\u00e9plica de este centro en otro lugar, y as\u00ed fue c\u00f3mo naci\u00f3 el Centro educativo que se construy\u00f3 en Carolina, Chisec.<\/p><p>Y luego cuando el pueblo de la Zona Reyna, Quich\u00e9, nos pidi\u00f3 un centro educativo, una persona generosa de Estados Unidos ofreci\u00f3 una donaci\u00f3n para construir una escuela. Esa coincidencia era providencial. As\u00ed se estableci\u00f3 el Centro Educativo en la aldea de Campamac en la Zona Reyna, Uspant\u00e1n, Quich\u00e9. Y, por \u00faltimo, el se\u00f1or Obispo de Izabal ofreci\u00f3 a las Hermanas un internado para muchachas campesinas, dirigida por una comunidad de religiosas que se retiran de dicha obra. Gracias a la invitaci\u00f3n del Obispo quien tambi\u00e9n ofreci\u00f3 terreno e instalaciones para comenzar un centro educativo con internado, en El Estor, Izabal. Como pueden ver claramente, todo ha sido una obra de la Divina Providencia.<\/p>\t\t\t\t\t\t\t\t<\/div>\n\t\t\t\t<\/div>\n\t\t\t\t\t<\/div>\n\t\t\t\t<\/div>\n\t\t<div class=\"elementor-element elementor-element-eac47ff e-grid e-con-boxed e-con e-parent\" data-id=\"eac47ff\" data-element_type=\"container\">\n\t\t\t\t\t<div class=\"e-con-inner\">\n\t\t\t\t<div class=\"elementor-element elementor-element-ec35b82 elementor-invisible elementor-widget elementor-widget-image\" data-id=\"ec35b82\" data-element_type=\"widget\" data-settings=\"{&quot;_animation&quot;:&quot;fadeIn&quot;}\" data-widget_type=\"image.default\">\n\t\t\t\t<div class=\"elementor-widget-container\">\n\t\t\t\t\t\t\t\t\t\t\t\t\t\t\t<img decoding=\"async\" width=\"800\" height=\"449\" src=\"https:\/\/fundaciontalitakumi.edu.gt\/wp-content\/uploads\/2025\/07\/IMG_0123copia-1024x575.jpg\" class=\"attachment-large size-large wp-image-603\" alt=\"\" srcset=\"https:\/\/fundaciontalitakumi.edu.gt\/wp-content\/uploads\/2025\/07\/IMG_0123copia-1024x575.jpg 1024w, https:\/\/fundaciontalitakumi.edu.gt\/wp-content\/uploads\/2025\/07\/IMG_0123copia-300x169.jpg 300w, https:\/\/fundaciontalitakumi.edu.gt\/wp-content\/uploads\/2025\/07\/IMG_0123copia-768x432.jpg 768w, https:\/\/fundaciontalitakumi.edu.gt\/wp-content\/uploads\/2025\/07\/IMG_0123copia-1536x863.jpg 1536w, https:\/\/fundaciontalitakumi.edu.gt\/wp-content\/uploads\/2025\/07\/IMG_0123copia.jpg 1931w\" sizes=\"(max-width: 800px) 100vw, 800px\" \/>\t\t\t\t\t\t\t\t\t\t\t\t\t\t\t<\/div>\n\t\t\t\t<\/div>\n\t\t\t\t<div class=\"elementor-element elementor-element-3d0ef5b elementor-widget elementor-widget-text-editor\" data-id=\"3d0ef5b\" data-element_type=\"widget\" data-settings=\"{&quot;_animation&quot;:&quot;none&quot;}\" data-widget_type=\"text-editor.default\">\n\t\t\t\t<div class=\"elementor-widget-container\">\n\t\t\t\t\t\t\t\t\t<p>Siempre hemos buscado seguir apoyando el proceso educativo de los campesinos, por eso iniciamos en el a\u00f1o 2015 un nuevo proyecto en educaci\u00f3n superior, con la Universidad Mesoamericana. Esta Universidad debe responder a las necesidades de la regi\u00f3n. Pensamos que, para la liberaci\u00f3n de la esclavitud de los ind\u00edgenas, el primer paso es hacerlos crecer en la autoestima pasando de ser mozos a ser due\u00f1os.&nbsp;<\/p><p>Abrimos el primer a\u00f1o con la carrera de licenciatura en Administraci\u00f3n de empresas.&nbsp;<\/p>\n<p>La visi\u00f3n de nuestra universidad no es producir administradores de fincas o empresas, sino due\u00f1os de sus propias empresas, no importa sean grandes o peque\u00f1as.&nbsp;<\/p>\t\t\t\t\t\t\t\t<\/div>\n\t\t\t\t<\/div>\n\t\t\t\t\t<\/div>\n\t\t\t\t<\/div>\n\t\t<div class=\"elementor-element elementor-element-84c6401 e-flex e-con-boxed e-con e-parent\" data-id=\"84c6401\" data-element_type=\"container\">\n\t\t\t\t\t<div class=\"e-con-inner\">\n\t\t\t\t<div class=\"elementor-element elementor-element-55ed4ba elementor-widget elementor-widget-text-editor\" data-id=\"55ed4ba\" data-element_type=\"widget\" data-settings=\"{&quot;_animation&quot;:&quot;none&quot;}\" data-widget_type=\"text-editor.default\">\n\t\t\t\t<div class=\"elementor-widget-container\">\n\t\t\t\t\t\t\t\t\t<p>En el segundo a\u00f1o comenzamos la Carrera de trabajo social, para empoderar a los campesinos en asuntos sociopol\u00edticos de sus comunidades locales, municipales, y por qu\u00e9 no, tambi\u00e9n nacionales. Gracias a Dios la mayor\u00eda de los universitarios son ind\u00edgenas con un buen porcentaje de mujeres.<\/p><p><strong><em>Talita Kumi es Dios-con-nosotros que ha venido a escuchar a un pueblo que ha sufrido por varios siglos esclavitud y pobreza, y esto no debe seguir m\u00e1s, hay que cambiarlo todo. Para eso est\u00e1 la Fundaci\u00f3n, una obra de Dios para los campesinos de esta regi\u00f3n.<\/em><\/strong><\/p>\t\t\t\t\t\t\t\t<\/div>\n\t\t\t\t<\/div>\n\t\t\t\t<div class=\"elementor-element elementor-element-a77ac4e elementor-widget elementor-widget-gallery\" data-id=\"a77ac4e\" data-element_type=\"widget\" data-settings=\"{&quot;_animation&quot;:&quot;none&quot;,&quot;lazyload&quot;:&quot;yes&quot;,&quot;gallery_layout&quot;:&quot;grid&quot;,&quot;columns&quot;:4,&quot;columns_tablet&quot;:2,&quot;columns_mobile&quot;:1,&quot;gap&quot;:{&quot;unit&quot;:&quot;px&quot;,&quot;size&quot;:10,&quot;sizes&quot;:[]},&quot;gap_tablet&quot;:{&quot;unit&quot;:&quot;px&quot;,&quot;size&quot;:10,&quot;sizes&quot;:[]},&quot;gap_mobile&quot;:{&quot;unit&quot;:&quot;px&quot;,&quot;size&quot;:10,&quot;sizes&quot;:[]},&quot;link_to&quot;:&quot;file&quot;,&quot;aspect_ratio&quot;:&quot;3:2&quot;,&quot;overlay_background&quot;:&quot;yes&quot;,&quot;content_hover_animation&quot;:&quot;fade-in&quot;}\" data-widget_type=\"gallery.default\">\n\t\t\t\t<div class=\"elementor-widget-container\">\n\t\t\t\t\t\t\t<div class=\"elementor-gallery__container\">\n\t\t\t\t\t\t\t<a class=\"e-gallery-item elementor-gallery-item elementor-animated-content\" href=\"https:\/\/fundaciontalitakumi.edu.gt\/wp-content\/uploads\/2025\/07\/img20211005_15371623-scaled.jpg\" data-elementor-open-lightbox=\"yes\" data-elementor-lightbox-slideshow=\"a77ac4e\" data-elementor-lightbox-title=\"img20211005_15371623\" data-e-action-hash=\"#elementor-action%3Aaction%3Dlightbox%26settings%3DeyJpZCI6NjAyLCJ1cmwiOiJodHRwczpcL1wvZnVuZGFjaW9udGFsaXRha3VtaS5lZHUuZ3RcL3dwLWNvbnRlbnRcL3VwbG9hZHNcLzIwMjVcLzA3XC9pbWcyMDIxMTAwNV8xNTM3MTYyMy1zY2FsZWQuanBnIiwic2xpZGVzaG93IjoiYTc3YWM0ZSJ9\">\n\t\t\t\t\t<div class=\"e-gallery-image elementor-gallery-item__image\" data-thumbnail=\"https:\/\/fundaciontalitakumi.edu.gt\/wp-content\/uploads\/2025\/07\/img20211005_15371623-300x201.jpg\" data-width=\"300\" data-height=\"201\" aria-label=\"\" role=\"img\" ><\/div>\n\t\t\t\t\t\t\t\t\t\t\t<div class=\"elementor-gallery-item__overlay\"><\/div>\n\t\t\t\t\t\t\t\t\t\t\t\t\t\t<\/a>\n\t\t\t\t\t\t\t<a class=\"e-gallery-item elementor-gallery-item elementor-animated-content\" href=\"https:\/\/fundaciontalitakumi.edu.gt\/wp-content\/uploads\/2025\/07\/img20211005_15302565-scaled.jpg\" data-elementor-open-lightbox=\"yes\" data-elementor-lightbox-slideshow=\"a77ac4e\" data-elementor-lightbox-title=\"img20211005_15302565\" data-e-action-hash=\"#elementor-action%3Aaction%3Dlightbox%26settings%3DeyJpZCI6NjAxLCJ1cmwiOiJodHRwczpcL1wvZnVuZGFjaW9udGFsaXRha3VtaS5lZHUuZ3RcL3dwLWNvbnRlbnRcL3VwbG9hZHNcLzIwMjVcLzA3XC9pbWcyMDIxMTAwNV8xNTMwMjU2NS1zY2FsZWQuanBnIiwic2xpZGVzaG93IjoiYTc3YWM0ZSJ9\">\n\t\t\t\t\t<div class=\"e-gallery-image elementor-gallery-item__image\" data-thumbnail=\"https:\/\/fundaciontalitakumi.edu.gt\/wp-content\/uploads\/2025\/07\/img20211005_15302565-300x202.jpg\" data-width=\"300\" data-height=\"202\" aria-label=\"\" role=\"img\" ><\/div>\n\t\t\t\t\t\t\t\t\t\t\t<div class=\"elementor-gallery-item__overlay\"><\/div>\n\t\t\t\t\t\t\t\t\t\t\t\t\t\t<\/a>\n\t\t\t\t\t\t\t<a class=\"e-gallery-item elementor-gallery-item elementor-animated-content\" href=\"https:\/\/fundaciontalitakumi.edu.gt\/wp-content\/uploads\/2025\/07\/historia_5.jpg\" data-elementor-open-lightbox=\"yes\" data-elementor-lightbox-slideshow=\"a77ac4e\" data-elementor-lightbox-title=\"historia_5\" data-e-action-hash=\"#elementor-action%3Aaction%3Dlightbox%26settings%3DeyJpZCI6NjAwLCJ1cmwiOiJodHRwczpcL1wvZnVuZGFjaW9udGFsaXRha3VtaS5lZHUuZ3RcL3dwLWNvbnRlbnRcL3VwbG9hZHNcLzIwMjVcLzA3XC9oaXN0b3JpYV81LmpwZyIsInNsaWRlc2hvdyI6ImE3N2FjNGUifQ%3D%3D\">\n\t\t\t\t\t<div class=\"e-gallery-image elementor-gallery-item__image\" data-thumbnail=\"https:\/\/fundaciontalitakumi.edu.gt\/wp-content\/uploads\/2025\/07\/historia_5-300x182.jpg\" data-width=\"300\" data-height=\"182\" aria-label=\"\" role=\"img\" ><\/div>\n\t\t\t\t\t\t\t\t\t\t\t<div class=\"elementor-gallery-item__overlay\"><\/div>\n\t\t\t\t\t\t\t\t\t\t\t\t\t\t<\/a>\n\t\t\t\t\t\t\t<a class=\"e-gallery-item elementor-gallery-item elementor-animated-content\" href=\"https:\/\/fundaciontalitakumi.edu.gt\/wp-content\/uploads\/2025\/07\/DSC_1142-scaled.jpg\" data-elementor-open-lightbox=\"yes\" data-elementor-lightbox-slideshow=\"a77ac4e\" data-elementor-lightbox-title=\"DSC_1142\" data-e-action-hash=\"#elementor-action%3Aaction%3Dlightbox%26settings%3DeyJpZCI6NjA0LCJ1cmwiOiJodHRwczpcL1wvZnVuZGFjaW9udGFsaXRha3VtaS5lZHUuZ3RcL3dwLWNvbnRlbnRcL3VwbG9hZHNcLzIwMjVcLzA3XC9EU0NfMTE0Mi1zY2FsZWQuanBnIiwic2xpZGVzaG93IjoiYTc3YWM0ZSJ9\">\n\t\t\t\t\t<div class=\"e-gallery-image elementor-gallery-item__image\" data-thumbnail=\"https:\/\/fundaciontalitakumi.edu.gt\/wp-content\/uploads\/2025\/07\/DSC_1142-300x200.jpg\" data-width=\"300\" data-height=\"200\" aria-label=\"\" role=\"img\" ><\/div>\n\t\t\t\t\t\t\t\t\t\t\t<div class=\"elementor-gallery-item__overlay\"><\/div>\n\t\t\t\t\t\t\t\t\t\t\t\t\t\t<\/a>\n\t\t\t\t\t<\/div>\n\t\t\t\t\t<\/div>\n\t\t\t\t<\/div>\n\t\t\t\t\t<\/div>\n\t\t\t\t<\/div>\n\t\t\t\t<\/div>\n\t\t","protected":false},"excerpt":{"rendered":"<p>Nuestro fundador: P. Jorge Puthenpura, SDB. Como cristiano, yo creo en Dios y veo todo desde mi fe. No vine a estas tierras con alg\u00fan plan de trabajo. No ten\u00eda planificado algo como: hacer una Fundaci\u00f3n. Quien ten\u00eda un plan para liberar a los ind\u00edgenas en Guatemala, era el Se\u00f1or. \u00a1\u00c9l es quien ten\u00eda dise\u00f1ado [&hellip;]<\/p>\n","protected":false},"author":1,"featured_media":0,"parent":0,"menu_order":0,"comment_status":"closed","ping_status":"closed","template":"","meta":{"footnotes":""},"class_list":["post-264","page","type-page","status-publish","hentry"],"yoast_head":"<!-- This site is optimized with the Yoast SEO plugin v26.0 - https:\/\/yoast.com\/wordpress\/plugins\/seo\/ -->\n<title>Historia - Fundaci\u00f3n Talita Kumi<\/title>\n<meta name=\"robots\" content=\"index, follow, max-snippet:-1, max-image-preview:large, max-video-preview:-1\" \/>\n<link rel=\"canonical\" href=\"https:\/\/fundaciontalitakumi.edu.gt\/?page_id=264\" \/>\n<meta property=\"og:locale\" content=\"es_ES\" \/>\n<meta property=\"og:type\" content=\"article\" \/>\n<meta property=\"og:title\" content=\"Historia - Fundaci\u00f3n Talita Kumi\" \/>\n<meta property=\"og:description\" content=\"Nuestro fundador: P. Jorge Puthenpura, SDB. Como cristiano, yo creo en Dios y veo todo desde mi fe. No vine a estas tierras con alg\u00fan plan de trabajo. No ten\u00eda planificado algo como: hacer una Fundaci\u00f3n. Quien ten\u00eda un plan para liberar a los ind\u00edgenas en Guatemala, era el Se\u00f1or. \u00a1\u00c9l es quien ten\u00eda dise\u00f1ado [&hellip;]\" \/>\n<meta property=\"og:url\" content=\"https:\/\/fundaciontalitakumi.edu.gt\/?page_id=264\" \/>\n<meta property=\"og:site_name\" content=\"Fundaci\u00f3n Talita Kumi\" \/>\n<meta property=\"article:modified_time\" content=\"2025-07-15T18:12:46+00:00\" \/>\n<meta property=\"og:image\" content=\"https:\/\/fundaciontalitakumi.edu.gt\/wp-content\/uploads\/2025\/04\/Adobe-Express-file.png\" \/>\n<meta name=\"twitter:card\" content=\"summary_large_image\" \/>\n<script type=\"application\/ld+json\" class=\"yoast-schema-graph\">{\"@context\":\"https:\/\/schema.org\",\"@graph\":[{\"@type\":\"WebPage\",\"@id\":\"https:\/\/fundaciontalitakumi.edu.gt\/?page_id=264\",\"url\":\"https:\/\/fundaciontalitakumi.edu.gt\/?page_id=264\",\"name\":\"Historia - Fundaci\u00f3n Talita Kumi\",\"isPartOf\":{\"@id\":\"https:\/\/fundaciontalitakumi.edu.gt\/#website\"},\"primaryImageOfPage\":{\"@id\":\"https:\/\/fundaciontalitakumi.edu.gt\/?page_id=264#primaryimage\"},\"image\":{\"@id\":\"https:\/\/fundaciontalitakumi.edu.gt\/?page_id=264#primaryimage\"},\"thumbnailUrl\":\"https:\/\/fundaciontalitakumi.edu.gt\/wp-content\/uploads\/2025\/04\/Adobe-Express-file.png\",\"datePublished\":\"2025-04-14T17:39:26+00:00\",\"dateModified\":\"2025-07-15T18:12:46+00:00\",\"breadcrumb\":{\"@id\":\"https:\/\/fundaciontalitakumi.edu.gt\/?page_id=264#breadcrumb\"},\"inLanguage\":\"es\",\"potentialAction\":[{\"@type\":\"ReadAction\",\"target\":[\"https:\/\/fundaciontalitakumi.edu.gt\/?page_id=264\"]}]},{\"@type\":\"ImageObject\",\"inLanguage\":\"es\",\"@id\":\"https:\/\/fundaciontalitakumi.edu.gt\/?page_id=264#primaryimage\",\"url\":\"https:\/\/fundaciontalitakumi.edu.gt\/wp-content\/uploads\/2025\/04\/Adobe-Express-file.png\",\"contentUrl\":\"https:\/\/fundaciontalitakumi.edu.gt\/wp-content\/uploads\/2025\/04\/Adobe-Express-file.png\",\"width\":1000,\"height\":667},{\"@type\":\"BreadcrumbList\",\"@id\":\"https:\/\/fundaciontalitakumi.edu.gt\/?page_id=264#breadcrumb\",\"itemListElement\":[{\"@type\":\"ListItem\",\"position\":1,\"name\":\"Home\",\"item\":\"https:\/\/fundaciontalitakumi.edu.gt\/\"},{\"@type\":\"ListItem\",\"position\":2,\"name\":\"Historia\"}]},{\"@type\":\"WebSite\",\"@id\":\"https:\/\/fundaciontalitakumi.edu.gt\/#website\",\"url\":\"https:\/\/fundaciontalitakumi.edu.gt\/\",\"name\":\"Fundaci\u00f3n Talita Kumi\",\"description\":\"Fundaci\u00f3n Talita Kumi\",\"publisher\":{\"@id\":\"https:\/\/fundaciontalitakumi.edu.gt\/#organization\"},\"potentialAction\":[{\"@type\":\"SearchAction\",\"target\":{\"@type\":\"EntryPoint\",\"urlTemplate\":\"https:\/\/fundaciontalitakumi.edu.gt\/?s={search_term_string}\"},\"query-input\":{\"@type\":\"PropertyValueSpecification\",\"valueRequired\":true,\"valueName\":\"search_term_string\"}}],\"inLanguage\":\"es\"},{\"@type\":\"Organization\",\"@id\":\"https:\/\/fundaciontalitakumi.edu.gt\/#organization\",\"name\":\"Fundaci\u00f3n Talita Kumi\",\"url\":\"https:\/\/fundaciontalitakumi.edu.gt\/\",\"logo\":{\"@type\":\"ImageObject\",\"inLanguage\":\"es\",\"@id\":\"https:\/\/fundaciontalitakumi.edu.gt\/#\/schema\/logo\/image\/\",\"url\":\"https:\/\/fundaciontalitakumi.edu.gt\/wp-content\/uploads\/2025\/04\/cropped-Imagen1.png\",\"contentUrl\":\"https:\/\/fundaciontalitakumi.edu.gt\/wp-content\/uploads\/2025\/04\/cropped-Imagen1.png\",\"width\":198,\"height\":205,\"caption\":\"Fundaci\u00f3n Talita Kumi\"},\"image\":{\"@id\":\"https:\/\/fundaciontalitakumi.edu.gt\/#\/schema\/logo\/image\/\"}}]}<\/script>\n<!-- \/ Yoast SEO plugin. -->","yoast_head_json":{"title":"Historia - Fundaci\u00f3n Talita Kumi","robots":{"index":"index","follow":"follow","max-snippet":"max-snippet:-1","max-image-preview":"max-image-preview:large","max-video-preview":"max-video-preview:-1"},"canonical":"https:\/\/fundaciontalitakumi.edu.gt\/?page_id=264","og_locale":"es_ES","og_type":"article","og_title":"Historia - Fundaci\u00f3n Talita Kumi","og_description":"Nuestro fundador: P. Jorge Puthenpura, SDB. Como cristiano, yo creo en Dios y veo todo desde mi fe. No vine a estas tierras con alg\u00fan plan de trabajo. No ten\u00eda planificado algo como: hacer una Fundaci\u00f3n. Quien ten\u00eda un plan para liberar a los ind\u00edgenas en Guatemala, era el Se\u00f1or. \u00a1\u00c9l es quien ten\u00eda dise\u00f1ado [&hellip;]","og_url":"https:\/\/fundaciontalitakumi.edu.gt\/?page_id=264","og_site_name":"Fundaci\u00f3n Talita Kumi","article_modified_time":"2025-07-15T18:12:46+00:00","og_image":[{"url":"https:\/\/fundaciontalitakumi.edu.gt\/wp-content\/uploads\/2025\/04\/Adobe-Express-file.png","type":"","width":"","height":""}],"twitter_card":"summary_large_image","schema":{"@context":"https:\/\/schema.org","@graph":[{"@type":"WebPage","@id":"https:\/\/fundaciontalitakumi.edu.gt\/?page_id=264","url":"https:\/\/fundaciontalitakumi.edu.gt\/?page_id=264","name":"Historia - Fundaci\u00f3n Talita Kumi","isPartOf":{"@id":"https:\/\/fundaciontalitakumi.edu.gt\/#website"},"primaryImageOfPage":{"@id":"https:\/\/fundaciontalitakumi.edu.gt\/?page_id=264#primaryimage"},"image":{"@id":"https:\/\/fundaciontalitakumi.edu.gt\/?page_id=264#primaryimage"},"thumbnailUrl":"https:\/\/fundaciontalitakumi.edu.gt\/wp-content\/uploads\/2025\/04\/Adobe-Express-file.png","datePublished":"2025-04-14T17:39:26+00:00","dateModified":"2025-07-15T18:12:46+00:00","breadcrumb":{"@id":"https:\/\/fundaciontalitakumi.edu.gt\/?page_id=264#breadcrumb"},"inLanguage":"es","potentialAction":[{"@type":"ReadAction","target":["https:\/\/fundaciontalitakumi.edu.gt\/?page_id=264"]}]},{"@type":"ImageObject","inLanguage":"es","@id":"https:\/\/fundaciontalitakumi.edu.gt\/?page_id=264#primaryimage","url":"https:\/\/fundaciontalitakumi.edu.gt\/wp-content\/uploads\/2025\/04\/Adobe-Express-file.png","contentUrl":"https:\/\/fundaciontalitakumi.edu.gt\/wp-content\/uploads\/2025\/04\/Adobe-Express-file.png","width":1000,"height":667},{"@type":"BreadcrumbList","@id":"https:\/\/fundaciontalitakumi.edu.gt\/?page_id=264#breadcrumb","itemListElement":[{"@type":"ListItem","position":1,"name":"Home","item":"https:\/\/fundaciontalitakumi.edu.gt\/"},{"@type":"ListItem","position":2,"name":"Historia"}]},{"@type":"WebSite","@id":"https:\/\/fundaciontalitakumi.edu.gt\/#website","url":"https:\/\/fundaciontalitakumi.edu.gt\/","name":"Fundaci\u00f3n Talita Kumi","description":"Fundaci\u00f3n Talita Kumi","publisher":{"@id":"https:\/\/fundaciontalitakumi.edu.gt\/#organization"},"potentialAction":[{"@type":"SearchAction","target":{"@type":"EntryPoint","urlTemplate":"https:\/\/fundaciontalitakumi.edu.gt\/?s={search_term_string}"},"query-input":{"@type":"PropertyValueSpecification","valueRequired":true,"valueName":"search_term_string"}}],"inLanguage":"es"},{"@type":"Organization","@id":"https:\/\/fundaciontalitakumi.edu.gt\/#organization","name":"Fundaci\u00f3n Talita Kumi","url":"https:\/\/fundaciontalitakumi.edu.gt\/","logo":{"@type":"ImageObject","inLanguage":"es","@id":"https:\/\/fundaciontalitakumi.edu.gt\/#\/schema\/logo\/image\/","url":"https:\/\/fundaciontalitakumi.edu.gt\/wp-content\/uploads\/2025\/04\/cropped-Imagen1.png","contentUrl":"https:\/\/fundaciontalitakumi.edu.gt\/wp-content\/uploads\/2025\/04\/cropped-Imagen1.png","width":198,"height":205,"caption":"Fundaci\u00f3n Talita Kumi"},"image":{"@id":"https:\/\/fundaciontalitakumi.edu.gt\/#\/schema\/logo\/image\/"}}]}},"_links":{"self":[{"href":"https:\/\/fundaciontalitakumi.edu.gt\/index.php?rest_route=\/wp\/v2\/pages\/264","targetHints":{"allow":["GET"]}}],"collection":[{"href":"https:\/\/fundaciontalitakumi.edu.gt\/index.php?rest_route=\/wp\/v2\/pages"}],"about":[{"href":"https:\/\/fundaciontalitakumi.edu.gt\/index.php?rest_route=\/wp\/v2\/types\/page"}],"author":[{"embeddable":true,"href":"https:\/\/fundaciontalitakumi.edu.gt\/index.php?rest_route=\/wp\/v2\/users\/1"}],"replies":[{"embeddable":true,"href":"https:\/\/fundaciontalitakumi.edu.gt\/index.php?rest_route=%2Fwp%2Fv2%2Fcomments&post=264"}],"version-history":[{"count":16,"href":"https:\/\/fundaciontalitakumi.edu.gt\/index.php?rest_route=\/wp\/v2\/pages\/264\/revisions"}],"predecessor-version":[{"id":620,"href":"https:\/\/fundaciontalitakumi.edu.gt\/index.php?rest_route=\/wp\/v2\/pages\/264\/revisions\/620"}],"wp:attachment":[{"href":"https:\/\/fundaciontalitakumi.edu.gt\/index.php?rest_route=%2Fwp%2Fv2%2Fmedia&parent=264"}],"curies":[{"name":"wp","href":"https:\/\/api.w.org\/{rel}","templated":true}]}}